{"id":176,"date":"2017-02-26T10:51:13","date_gmt":"2017-02-26T10:51:13","guid":{"rendered":"https:\/\/advocaciacarlosaraujo.com.br\/?page_id=176"},"modified":"2021-02-08T10:34:53","modified_gmt":"2021-02-08T13:34:53","slug":"our-team","status":"publish","type":"page","link":"https:\/\/advocaciacarlosaraujo.com.br\/index.php\/our-team\/","title":{"rendered":"Equipe"},"content":{"rendered":"<p>[vc_row][vc_column]<div class=\"sc_team sc_team_default\"><h1 class=\"sc_item_title sc_team_title sc_align_center sc_item_title_style_custom_image sc_item_title_tag\">Conhe\u00e7a Nossa Equipe<\/h1><div class=\"sc_item_descr sc_team_descr sc_align_center\"><p>Motiva-nos encontrar as solu\u00e7\u00f5es mais justas, adequadas, c\u00e9leres e \u00e9ticas para os problemas jur\u00eddicos de nossos clientes.<\/p>\n<\/div><div class=\"sc_team_columns sc_item_columns trx_addons_columns_wrap columns_padding_bottom\"><div class=\"trx_addons_column-1_2\"><div class=\"sc_team_item\">\n\t<div class=\"post_featured with_thumb hover_dots sc_team_item_thumb trx_addons_column-1_2\"><img loading=\"lazy\" decoding=\"async\" width=\"450\" height=\"500\" src=\"https:\/\/advocaciacarlosaraujo.com.br\/wp-content\/uploads\/2017\/02\/Foto-J-carlos-web-site-450x500.jpg\" class=\"attachment-legal_stone-thumb-avatar size-legal_stone-thumb-avatar wp-post-image\" alt=\"Jos\u00e9 Carlos Cavalcanti de Ara\u00fajo\" \/><div class=\"mask\"><\/div><a href=\"https:\/\/advocaciacarlosaraujo.com.br\/index.php\/team\/jose-carlos-cavalcanti-de-araujo\/\" aria-hidden=\"true\" class=\"icons\"><span><\/span><span><\/span><span><\/span><\/a><\/div>\t<div class=\"sc_team_item_info trx_addons_column-1_2\">\n        <div class=\"sc_team_item_info_inner\">\n\n            <div class=\"sc_team_item_header\">\n                <h4 class=\"sc_team_item_title\"><a href=\"https:\/\/advocaciacarlosaraujo.com.br\/index.php\/team\/jose-carlos-cavalcanti-de-araujo\/\">Jos\u00e9 Carlos Cavalcanti de Ara\u00fajo<\/a><\/h4>\n                <div class=\"sc_team_item_subtitle\">S\u00f3cio<\/div>\n            <\/div>\n            <div class=\"sc_team_item_content\"><p>Brasileiro, casado, advogado, natural de Recife (PE).<br \/>\nInscrito na OAB\/PE sob n 2925.<br \/>\nEmail: josecarlos@carlosaraujo.adv.br<\/p>\n<\/div>\n            <div class=\"sc_team_item_socials socials_wrap\"><a target=\"_blank\" href=\"#\" class=\"social_item social_item_style_icons social_item_type_icons\"><span class=\"social_icon social_twitter\"><span class=\"icon-twitter\"><\/span><\/span><\/a><a target=\"_blank\" href=\"#\" class=\"social_item social_item_style_icons social_item_type_icons\"><span class=\"social_icon social_facebook\"><span class=\"icon-facebook\"><\/span><\/span><\/a><a target=\"_blank\" href=\"#\" class=\"social_item social_item_style_icons social_item_type_icons\"><span class=\"social_icon social_linkedin\"><span class=\"icon-linkedin\"><\/span><\/span><\/a><\/div>            <div class=\"sc_team_item_button\"><a href=\"https:\/\/advocaciacarlosaraujo.com.br\/index.php\/team\/jose-carlos-cavalcanti-de-araujo\/\" class=\"sc_button sc_button_simple\">Learn more<\/a><\/div>\n        <\/div>\n\t<\/div>\n<\/div>\n<\/div><div class=\"trx_addons_column-1_2\"><div class=\"sc_team_item\">\n\t<div class=\"post_featured with_thumb hover_dots sc_team_item_thumb trx_addons_column-1_2\"><img loading=\"lazy\" decoding=\"async\" width=\"450\" height=\"500\" src=\"https:\/\/advocaciacarlosaraujo.com.br\/wp-content\/uploads\/2017\/02\/foto-3x4-Daniel-com-livros-4-450x500.jpg\" class=\"attachment-legal_stone-thumb-avatar size-legal_stone-thumb-avatar wp-post-image\" alt=\"Daniel Carlos Cavalcanti de Ara\u00fajo\" \/><div class=\"mask\"><\/div><a href=\"https:\/\/advocaciacarlosaraujo.com.br\/index.php\/team\/daniel-carlos-cavalcanti-de-araujo\/\" aria-hidden=\"true\" class=\"icons\"><span><\/span><span><\/span><span><\/span><\/a><\/div>\t<div class=\"sc_team_item_info trx_addons_column-1_2\">\n        <div class=\"sc_team_item_info_inner\">\n\n            <div class=\"sc_team_item_header\">\n                <h4 class=\"sc_team_item_title\"><a href=\"https:\/\/advocaciacarlosaraujo.com.br\/index.php\/team\/daniel-carlos-cavalcanti-de-araujo\/\">Daniel Carlos Cavalcanti de Ara\u00fajo<\/a><\/h4>\n                <div class=\"sc_team_item_subtitle\">S\u00f3cio<\/div>\n            <\/div>\n            <div class=\"sc_team_item_content\"><p>Brasileiro, casado, natural de Recife\/PE.<br \/>\nInscrito na OAB\/PE sob o n.18054.<br \/>\nInscrito no Conselho Regional de Administra\u00e7\u00e3o\/PE sob o n.6993.<br \/>\nEmail: daniel@carlosaraujo.adv.br<\/p>\n<\/div>\n            <div class=\"sc_team_item_socials socials_wrap\"><a target=\"_blank\" href=\"#\" class=\"social_item social_item_style_icons social_item_type_icons\"><span class=\"social_icon social_facebook\"><span class=\"icon-facebook\"><\/span><\/span><\/a><a target=\"_blank\" href=\"#\" class=\"social_item social_item_style_icons social_item_type_icons\"><span class=\"social_icon social_linkedin\"><span class=\"icon-linkedin\"><\/span><\/span><\/a><a target=\"_blank\" href=\"#\" class=\"social_item social_item_style_icons social_item_type_icons\"><span class=\"social_icon social_twitter\"><span class=\"icon-twitter\"><\/span><\/span><\/a><\/div>            <div class=\"sc_team_item_button\"><a href=\"https:\/\/advocaciacarlosaraujo.com.br\/index.php\/team\/daniel-carlos-cavalcanti-de-araujo\/\" class=\"sc_button sc_button_simple\">Learn more<\/a><\/div>\n        <\/div>\n\t<\/div>\n<\/div>\n<\/div><div class=\"trx_addons_column-1_2\"><div class=\"sc_team_item\">\n\t<div class=\"post_featured with_thumb hover_dots sc_team_item_thumb trx_addons_column-1_2\"><img loading=\"lazy\" decoding=\"async\" width=\"450\" height=\"500\" src=\"https:\/\/advocaciacarlosaraujo.com.br\/wp-content\/uploads\/2017\/04\/Foto-Antonio-Carlos-Website-450x500.jpg\" class=\"attachment-legal_stone-thumb-avatar size-legal_stone-thumb-avatar wp-post-image\" alt=\"Ant\u00f4nio Carlos Cavalcanti de Ara\u00fajo\" \/><div class=\"mask\"><\/div><a href=\"https:\/\/advocaciacarlosaraujo.com.br\/index.php\/team\/antonio-carlos\/\" aria-hidden=\"true\" class=\"icons\"><span><\/span><span><\/span><span><\/span><\/a><\/div>\t<div class=\"sc_team_item_info trx_addons_column-1_2\">\n        <div class=\"sc_team_item_info_inner\">\n\n            <div class=\"sc_team_item_header\">\n                <h4 class=\"sc_team_item_title\"><a href=\"https:\/\/advocaciacarlosaraujo.com.br\/index.php\/team\/antonio-carlos\/\">Ant\u00f4nio Carlos Cavalcanti de Ara\u00fajo<\/a><\/h4>\n                <div class=\"sc_team_item_subtitle\">Advogado<\/div>\n            <\/div>\n            <div class=\"sc_team_item_content\"><p>Brasileiro, vi\u00favo, natural de Recife\/PE.<br \/>\nInscrito na OAB\/PE sob o n. 3.504.<br \/>\nEmail: antoniocarlos@carlosaraujo.adv.br<\/p>\n<\/div>\n            <div class=\"sc_team_item_socials socials_wrap\"><a target=\"_blank\" href=\"#\" class=\"social_item social_item_style_icons social_item_type_icons\"><span class=\"social_icon social_facebook\"><span class=\"icon-facebook\"><\/span><\/span><\/a><a target=\"_blank\" href=\"#\" class=\"social_item social_item_style_icons social_item_type_icons\"><span class=\"social_icon social_twitter\"><span class=\"icon-twitter\"><\/span><\/span><\/a><a target=\"_blank\" href=\"\" class=\"social_item social_item_style_icons social_item_type_icons\"><span class=\"social_icon social_linkedin\"><span class=\"icon-linkedin\"><\/span><\/span><\/a><\/div>            <div class=\"sc_team_item_button\"><a href=\"https:\/\/advocaciacarlosaraujo.com.br\/index.php\/team\/antonio-carlos\/\" class=\"sc_button sc_button_simple\">Learn more<\/a><\/div>\n        <\/div>\n\t<\/div>\n<\/div>\n<\/div><div class=\"trx_addons_column-1_2\"><div class=\"sc_team_item\">\n\t<div class=\"post_featured with_thumb hover_dots sc_team_item_thumb trx_addons_column-1_2\"><img loading=\"lazy\" decoding=\"async\" width=\"450\" height=\"500\" src=\"https:\/\/advocaciacarlosaraujo.com.br\/wp-content\/uploads\/2017\/02\/Foto-Fernanda-Website-450x500.jpg\" class=\"attachment-legal_stone-thumb-avatar size-legal_stone-thumb-avatar wp-post-image\" alt=\"Fernanda Maria Fi\u00faza Gon\u00e7alves Pinheiro\" \/><div class=\"mask\"><\/div><a href=\"https:\/\/advocaciacarlosaraujo.com.br\/index.php\/team\/fernanda-maria-fiuza-goncalves-pinheiro\/\" aria-hidden=\"true\" class=\"icons\"><span><\/span><span><\/span><span><\/span><\/a><\/div>\t<div class=\"sc_team_item_info trx_addons_column-1_2\">\n        <div class=\"sc_team_item_info_inner\">\n\n            <div class=\"sc_team_item_header\">\n                <h4 class=\"sc_team_item_title\"><a href=\"https:\/\/advocaciacarlosaraujo.com.br\/index.php\/team\/fernanda-maria-fiuza-goncalves-pinheiro\/\">Fernanda Maria Fi\u00faza Gon\u00e7alves Pinheiro<\/a><\/h4>\n                <div class=\"sc_team_item_subtitle\">Advogada<\/div>\n            <\/div>\n            <div class=\"sc_team_item_content\"><p>Brasileira, solteira, natural de Recife\/PE.<br \/>\nInscrita na OAB\/PE sob o n.6.986.<br \/>\nEmail: fernanda@carlosaraujo.adv.br<\/p>\n<\/div>\n            <div class=\"sc_team_item_socials socials_wrap\"><a target=\"_blank\" href=\"#\" class=\"social_item social_item_style_icons social_item_type_icons\"><span class=\"social_icon social_twitter\"><span class=\"icon-twitter\"><\/span><\/span><\/a><a target=\"_blank\" href=\"#\" class=\"social_item social_item_style_icons social_item_type_icons\"><span class=\"social_icon social_linkedin\"><span class=\"icon-linkedin\"><\/span><\/span><\/a><a target=\"_blank\" href=\"#\" class=\"social_item social_item_style_icons social_item_type_icons\"><span class=\"social_icon social_facebook\"><span class=\"icon-facebook\"><\/span><\/span><\/a><\/div>            <div class=\"sc_team_item_button\"><a href=\"https:\/\/advocaciacarlosaraujo.com.br\/index.php\/team\/fernanda-maria-fiuza-goncalves-pinheiro\/\" class=\"sc_button sc_button_simple\">Learn more<\/a><\/div>\n        <\/div>\n\t<\/div>\n<\/div>\n<\/div><div class=\"trx_addons_column-1_2\"><div class=\"sc_team_item\">\n\t<div class=\"post_featured with_thumb hover_dots sc_team_item_thumb trx_addons_column-1_2\"><img loading=\"lazy\" decoding=\"async\" width=\"450\" height=\"500\" src=\"https:\/\/advocaciacarlosaraujo.com.br\/wp-content\/uploads\/2017\/02\/Foto-Dr-Carlos-Araujo-450x500.jpg\" class=\"attachment-legal_stone-thumb-avatar size-legal_stone-thumb-avatar wp-post-image\" alt=\"Carlos Jos\u00e9 de Barros Ara\u00fajo\" \/><div class=\"mask\"><\/div><a href=\"https:\/\/advocaciacarlosaraujo.com.br\/index.php\/team\/carlos-jose-de-barros-araujo\/\" aria-hidden=\"true\" class=\"icons\"><span><\/span><span><\/span><span><\/span><\/a><\/div>\t<div class=\"sc_team_item_info trx_addons_column-1_2\">\n        <div class=\"sc_team_item_info_inner\">\n\n            <div class=\"sc_team_item_header\">\n                <h4 class=\"sc_team_item_title\"><a href=\"https:\/\/advocaciacarlosaraujo.com.br\/index.php\/team\/carlos-jose-de-barros-araujo\/\">Carlos Jos\u00e9 de Barros Ara\u00fajo<\/a><\/h4>\n                <div class=\"sc_team_item_subtitle\">In Memoriam<\/div>\n            <\/div>\n            <div class=\"sc_team_item_content\"><p>Brasileiro, vi\u00favo, natural de Recife\/PE.<br \/>\nInscrito na OAB\/PE sob o n. 634.<\/p>\n<\/div>\n            <div class=\"sc_team_item_socials socials_wrap\"><a target=\"_blank\" href=\"#\" class=\"social_item social_item_style_icons social_item_type_icons\"><span class=\"social_icon social_facebook\"><span class=\"icon-facebook\"><\/span><\/span><\/a><a target=\"_blank\" href=\"\" class=\"social_item social_item_style_icons social_item_type_icons\"><span class=\"social_icon social_linkedin\"><span class=\"icon-linkedin\"><\/span><\/span><\/a><a target=\"_blank\" href=\"\" class=\"social_item social_item_style_icons social_item_type_icons\"><span class=\"social_icon social_twitter\"><span class=\"icon-twitter\"><\/span><\/span><\/a><\/div>            <div class=\"sc_team_item_button\"><a href=\"https:\/\/advocaciacarlosaraujo.com.br\/index.php\/team\/carlos-jose-de-barros-araujo\/\" class=\"sc_button sc_button_simple\">Learn more<\/a><\/div>\n        <\/div>\n\t<\/div>\n<\/div>\n<\/div><\/div><\/div><!-- \/.sc_team -->[\/vc_column][\/vc_row]<\/p>\n","protected":false},"excerpt":{"rendered":"<p>[vc_row][vc_column][\/vc_column][\/vc_row]<\/p>\n","protected":false},"author":1,"featured_media":0,"parent":0,"menu_order":0,"comment_status":"closed","ping_status":"closed","template":"","meta":{"footnotes":""},"class_list":["post-176","page","type-page","status-publish","hentry"],"_links":{"self":[{"href":"https:\/\/advocaciacarlosaraujo.com.br\/index.php\/wp-json\/wp\/v2\/pages\/176","targetHints":{"allow":["GET"]}}],"collection":[{"href":"https:\/\/advocaciacarlosaraujo.com.br\/index.php\/wp-json\/wp\/v2\/pages"}],"about":[{"href":"https:\/\/advocaciacarlosaraujo.com.br\/index.php\/wp-json\/wp\/v2\/types\/page"}],"author":[{"embeddable":true,"href":"https:\/\/advocaciacarlosaraujo.com.br\/index.php\/wp-json\/wp\/v2\/users\/1"}],"replies":[{"embeddable":true,"href":"https:\/\/advocaciacarlosaraujo.com.br\/index.php\/wp-json\/wp\/v2\/comments?post=176"}],"version-history":[{"count":5,"href":"https:\/\/advocaciacarlosaraujo.com.br\/index.php\/wp-json\/wp\/v2\/pages\/176\/revisions"}],"predecessor-version":[{"id":879,"href":"https:\/\/advocaciacarlosaraujo.com.br\/index.php\/wp-json\/wp\/v2\/pages\/176\/revisions\/879"}],"wp:attachment":[{"href":"https:\/\/advocaciacarlosaraujo.com.br\/index.php\/wp-json\/wp\/v2\/media?parent=176"}],"curies":[{"name":"wp","href":"https:\/\/api.w.org\/{rel}","templated":true}]}}